{"id":83,"date":"2021-01-07T15:40:54","date_gmt":"2021-01-07T10:40:54","guid":{"rendered":"https:\/\/gruposrm.com\/web\/?page_id=83"},"modified":"2026-04-08T02:44:10","modified_gmt":"2026-04-07T21:44:10","slug":"grupo-srm-displays-y-mobiliario-para-stands-cables-guaya-y-alarmas-de-seguridad","status":"publish","type":"page","link":"https:\/\/gruposrm.com\/web\/inicio\/","title":{"rendered":"Grupo SRM &#8211; Displays y mobiliario para stands, cables guaya y alarmas de seguridad, Publicidad y marketing en Colombia"},"content":{"rendered":"<p>[et_pb_section fb_built=\u00bb1&#8243; _builder_version=\u00bb4.27.4&#8243; _module_preset=\u00bbdefault\u00bb background_color=\u00bbrgba(0,0,0,0)\u00bb background_image=\u00bbhttps:\/\/gruposrm.com\/web\/wp-content\/uploads\/GrupoRM-TiendaSRM-Bienvenidos.jpg\u00bb background_enable_video_mp4=\u00bboff\u00bb background_enable_video_webm=\u00bboff\u00bb min_height=\u00bb667.9px\u00bb custom_margin=\u00bb||4px|||\u00bb custom_padding=\u00bb36px||12px|||\u00bb global_colors_info=\u00bb{}\u00bb][et_pb_row _builder_version=\u00bb4.27.6&#8243; _module_preset=\u00bbdefault\u00bb background_color=\u00bbrgba(255,255,255,0.67)\u00bb min_height=\u00bb96.9px\u00bb custom_margin=\u00bb385px|auto|-21px|auto|false|false\u00bb custom_padding=\u00bb15px|20px|15px|20px|true|false\u00bb hover_enabled=\u00bb0&#8243; global_colors_info=\u00bb{}\u00bb border_radii=\u00bbon|10px|10px|10px|10px\u00bb sticky_enabled=\u00bb0&#8243;][et_pb_column type=\u00bb4_4&#8243; _builder_version=\u00bb4.16&#8243; _module_preset=\u00bbdefault\u00bb global_colors_info=\u00bb{}\u00bb][et_pb_text _builder_version=\u00bb4.27.6&#8243; _module_preset=\u00bbdefault\u00bb hover_enabled=\u00bb0&#8243; sticky_enabled=\u00bb0&#8243; custom_margin=\u00bb||1px|||\u00bb]<\/p>\n<p><span style=\"font-size: x-large;\"><span style=\"color: #260000;\"><strong><span ff6600=\"\" 22=\"\"><span 000000=\"\" 22=\"\">Hola,<\/span><\/span><\/strong><\/span><span ff6600=\"\" 22=\"\"><strong><span style=\"color: #ed7a00;\"> al fin llegaste.<\/span><\/strong>\u00a0<\/span><span ff6600=\"\" 22=\"\"><\/span><strong><span ff6600=\"\" 22=\"\"><span 000000=\"\" 22=\"\" style=\"color: #3d3d3d;\">Nos alegra tenerte por aqu\u00ed.<\/span><br \/><\/span><\/strong><\/span><span 808080=\"\" 22=\"\"><br \/><span style=\"color: #3d3d3d; font-size: large;\">En <strong>Grupo SRM<\/strong> encontrar\u00e1s un abanico de productos y servicios de todas nuestras marcas, cobijadas bajo una sola empresa.<\/span><br \/><\/span><\/p>\n<p>[\/et_pb_text][\/et_pb_column][\/et_pb_row][\/et_pb_section][et_pb_section fb_built=\u00bb1&#8243; _builder_version=\u00bb4.27.4&#8243; _module_preset=\u00bbdefault\u00bb background_color=\u00bbrgba(255,59,0,0.83)\u00bb min_height=\u00bb197.1px\u00bb custom_margin=\u00bb5px|||||\u00bb custom_padding=\u00bb60px||70px|||\u00bb border_width_all=\u00bb0px\u00bb border_color_all=\u00bbRGBA(255,255,255,0)\u00bb global_colors_info=\u00bb{}\u00bb][et_pb_row _builder_version=\u00bb4.27.4&#8243; _module_preset=\u00bbdefault\u00bb min_height=\u00bb191.6px\u00bb custom_margin=\u00bb7px|auto||auto||\u00bb custom_padding=\u00bb12px||18px|||\u00bb global_colors_info=\u00bb{}\u00bb][et_pb_column type=\u00bb4_4&#8243; _builder_version=\u00bb4.27.4&#8243; _module_preset=\u00bbdefault\u00bb global_colors_info=\u00bb{}\u00bb][et_pb_icon font_icon=\u00bb&#xf075;||fa||400&#8243; icon_color=\u00bb#FFFFFF\u00bb icon_width=\u00bb95px\u00bb _builder_version=\u00bb4.27.4&#8243; _module_preset=\u00bbdefault\u00bb custom_margin=\u00bb||2px|||\u00bb custom_padding=\u00bb||16px|||\u00bb animation_style=\u00bbslide\u00bb animation_direction=\u00bbleft\u00bb animation_duration=\u00bb850ms\u00bb global_colors_info=\u00bb{}\u00bb][\/et_pb_icon][et_pb_text _builder_version=\u00bb4.27.6&#8243; _module_preset=\u00bbdefault\u00bb min_height=\u00bb70.6px\u00bb custom_padding=\u00bb13px||6px|||\u00bb animation_direction=\u00bbright\u00bb global_colors_info=\u00bb{}\u00bb]<\/p>\n<p style=\"text-align: center;\"><span style=\"font-size: x-large;\"><strong><span style=\"color: #ffffff;\"><span style=\"vertical-align: inherit;\"><span style=\"vertical-align: inherit;\" class=\"\">Para iniciar debes saber que&#8230;<\/span><\/span><\/span><\/strong><\/span><br \/><strong><span style=\"font-size: large; color: #ffffff;\"><span style=\"vertical-align: inherit;\"><span style=\"vertical-align: inherit;\" class=\"\"><\/span><\/span><\/span><\/strong><\/p>\n<p><span style=\"font-size: large; color: #ffffff;\"><\/span><\/p>\n<p><span style=\"font-size: large;\"><em><span style=\"color: #ffffff;\">Nuestra plataforma est\u00e1 dise\u00f1ada para que <strong>encuentres f\u00e1cilmente informaci\u00f3n detallada sobre cada producto, servicio y proceso<\/strong>. En nuestra <strong>tienda online<\/strong> puedes <strong>comprar o generar cotizaciones en cualquier momento, sin esperas.<\/strong><br \/>Si tienes alguna duda, nuestra asesora virtual <strong>Anastasia<\/strong> estar\u00e1 encantada de ayudarte 24\/7, o nuestros asesores dentro de nuestro horario laboral.<\/span><\/em><\/span><\/p>\n<p style=\"text-align: center;\"><span style=\"font-size: x-large; color: #ffffff;\"><strong><span style=\"vertical-align: inherit;\"><span style=\"vertical-align: inherit;\" class=\"\">T\u00f3mate tu tiempo.<\/span><\/span><\/strong><\/span><\/p>\n<p>[\/et_pb_text][\/et_pb_column][\/et_pb_row][\/et_pb_section][et_pb_section fb_built=\u00bb1&#8243; _builder_version=\u00bb4.16&#8243; _module_preset=\u00bbdefault\u00bb background_enable_image=\u00bboff\u00bb min_height=\u00bb1582.4px\u00bb custom_margin=\u00bb-61px|||||\u00bb custom_padding=\u00bb0px||1px|||\u00bb global_colors_info=\u00bb{}\u00bb][et_pb_row column_structure=\u00bb3_5,2_5&#8243; _builder_version=\u00bb4.16&#8243; _module_preset=\u00bbdefault\u00bb custom_margin=\u00bb62px|auto|62px|auto|true|\u00bb custom_padding=\u00bb40px||17px|||\u00bb global_colors_info=\u00bb{}\u00bb][et_pb_column type=\u00bb3_5&#8243; _builder_version=\u00bb4.16&#8243; _module_preset=\u00bbdefault\u00bb global_colors_info=\u00bb{}\u00bb][et_pb_image src=\u00bbhttps:\/\/gruposrm.com\/web\/wp-content\/uploads\/Stands-publicitarios-portatiles-y-Displays-ecologicos.jpg\u00bb alt=\u00bbStands publicitarios port\u00e1tiles y Displays ecol\u00f3gicos\u00bb title_text=\u00bbStands publicitarios port\u00e1tiles y Displays ecol\u00f3gicos\u00bb admin_label=\u00bbStands y displays publicitarios\u00bb _builder_version=\u00bb4.25.1&#8243; _module_preset=\u00bbdefault\u00bb global_colors_info=\u00bb{}\u00bb][\/et_pb_image][et_pb_text _builder_version=\u00bb4.27.6&#8243; _module_preset=\u00bbdefault\u00bb global_colors_info=\u00bb{}\u00bb]<\/p>\n<p class=\"font-claude-response-body break-words whitespace-normal leading-[1.7]\"><strong>Conceptuamos, dise\u00f1amos y fabricamos<\/strong> m\u00e1s de 130 modelos de mobiliario para stands, adaptados a casi cualquier necesidad de exhibici\u00f3n \u2014 desde peque\u00f1os displays modulares y escalables que crean instalaciones de gran formato.<\/p>\n<p class=\"font-claude-response-body break-words whitespace-normal leading-[1.7]\">Nuestra propuesta incluye lineas de mobiliario y exhibidores para stands 100% port\u00e1tiles y tambi\u00e9n nuestra linea ecol\u00f3gica. Productos resistentes y duraderos para uso intensivo en ferias, eventos y puntos de venta.<\/p>\n<p class=\"font-claude-response-body break-words whitespace-normal leading-[1.7]\">Como fabricantes directos ofrecemos garant\u00eda propia. Conoce todas nuestras alternativas y adquiere tus productos en nuestra tienda online.<\/p>\n<p>[\/et_pb_text][\/et_pb_column][et_pb_column type=\u00bb2_5&#8243; _builder_version=\u00bb4.16&#8243; _module_preset=\u00bbdefault\u00bb global_colors_info=\u00bb{}\u00bb][et_pb_text _builder_version=\u00bb4.16&#8243; _module_preset=\u00bbdefault\u00bb custom_margin=\u00bb||17px|||\u00bb global_colors_info=\u00bb{}\u00bb]<\/p>\n<h2 class=\"et_pb_module_header\"><span>Dise\u00f1o y fabricaci\u00f3n de mobiliario, displays y exhibidores <\/span><span><strong>port\u00e1tiles y ecol\u00f3gicos <\/strong><\/span><span style=\"font-size: 23px;\">para <\/span><strong style=\"font-size: 23px;\">stands.<\/strong><\/h2>\n<p><span><\/span><\/p>\n<p>[\/et_pb_text][et_pb_accordion _builder_version=\u00bb4.27.6&#8243; _module_preset=\u00bbdefault\u00bb global_colors_info=\u00bb{}\u00bb][et_pb_accordion_item title=\u00bbExpoStands \u2014 Mobiliario y displays port\u00e1tiles y modulares para stands\u00bb open=\u00bbon\u00bb _builder_version=\u00bb4.27.6&#8243; _module_preset=\u00bbdefault\u00bb global_colors_info=\u00bb{}\u00bb]<\/p>\n<p><img loading=\"lazy\" decoding=\"async\" src=\"https:\/\/gruposrm.com\/web\/wp-content\/uploads\/Logo-ExpoStands-Displays-300x113.jpg\" width=\"300\" height=\"113\" alt=\"Stands y displays publicitarios port\u00e1tiles, desarmables, transportables, escalables\" class=\"wp-image-4134 size-medium\" \/><\/p>\n<p><a href=\"https:\/\/www.expostands.co\/\" target=\"_blank\" rel=\"noopener\"><strong>ExpoStands.co<\/strong><\/a><span> Nuestra l\u00ednea especializada en portabilidad e itinerancia. Creada en 2010, ofrece soluciones de exhibici\u00f3n para stands de cualquier tama\u00f1o \u2014 estructuras armables, escalables y modulares hechas para durar.<\/span><\/p>\n<p>[\/et_pb_accordion_item][et_pb_accordion_item title=\u00bbEcoStands \u2014 Displays y mobiliario ecol\u00f3gico en cart\u00f3n y madera\u00bb _builder_version=\u00bb4.27.6&#8243; _module_preset=\u00bbdefault\u00bb global_colors_info=\u00bb{}\u00bb open=\u00bboff\u00bb]<\/p>\n<p><img loading=\"lazy\" decoding=\"async\" src=\"https:\/\/gruposrm.com\/web\/wp-content\/uploads\/EcoStands-Stands-Ecologicos.jpg\" width=\"300\" height=\"113\" alt=\"\" class=\"wp-image-635 alignnone size-medium\" \/><\/p>\n<p><strong><a href=\"https:\/\/www.ecostands.com.co\/QueHacemos_EcoStands.php\" target=\"_blank\" rel=\"noopener\">EcoStands.com.co<\/a><\/strong><span> Desde 2017 ofrecemos soluciones de exhibici\u00f3n, displays y mobiliario para stands elaborados en cart\u00f3n, madera y otros materiales eco-amigables y reciclables \u2014 una alternativa sostenible, liviana y econ\u00f3mica para tu marca.<\/span><\/p>\n<p>[\/et_pb_accordion_item][et_pb_accordion_item title=\u00bbMovi Stands\u00bb _builder_version=\u00bb4.27.6&#8243; _module_preset=\u00bbdefault\u00bb background_enable_image=\u00bboff\u00bb global_colors_info=\u00bb{}\u00bb open=\u00bboff\u00bb]<\/p>\n<p><span><img loading=\"lazy\" decoding=\"async\" src=\"https:\/\/gruposrm.com\/web\/wp-content\/uploads\/Titulo-Movistands350x120-300x113.png\" width=\"300\" height=\"113\" alt=\"\" class=\"wp-image-637 alignnone size-medium\" \/><\/span><\/p>\n<p><span><strong><a href=\"https:\/\/www.movistands.com\/\" target=\"_blank\" rel=\"noopener\">MoviStands.com<\/a><\/strong> Creada en 2008, ofreciendo soluciones portables en el top de la linea de los stands.<\/span><\/p>\n<p>[\/et_pb_accordion_item][\/et_pb_accordion][et_pb_button button_url=\u00bb@ET-DC@eyJkeW5hbWljIjp0cnVlLCJjb250ZW50IjoicG9zdF9saW5rX3VybF9wYWdlIiwic2V0dGluZ3MiOnsicG9zdF9pZCI6IjUzIn19@\u00bb button_text=\u00bbConoce m\u00e1s&#8230;\u00bb button_alignment=\u00bbright\u00bb _builder_version=\u00bb4.19.5&#8243; _dynamic_attributes=\u00bbbutton_url\u00bb _module_preset=\u00bbdefault\u00bb custom_button=\u00bbon\u00bb button_text_size=\u00bb20px\u00bb button_border_width=\u00bb3px\u00bb button_border_radius=\u00bb10px\u00bb button_letter_spacing=\u00bb0px\u00bb custom_padding=\u00bb|80px||80px|false|false\u00bb box_shadow_style=\u00bbpreset3&#8243; global_colors_info=\u00bb{}\u00bb][\/et_pb_button][et_pb_button button_url=\u00bbhttps:\/\/gruposrm.com\/Tienda2\/3-stands-publicitarios\u00bb url_new_window=\u00bbon\u00bb button_text=\u00bbComprar stands aqu\u00ed&#8230;\u00bb button_alignment=\u00bbright\u00bb _builder_version=\u00bb4.27.6&#8243; _module_preset=\u00bbdefault\u00bb custom_button=\u00bbon\u00bb button_text_color=\u00bb#ED7A00&#8243; button_border_width=\u00bb3px\u00bb button_border_radius=\u00bb10px\u00bb custom_padding=\u00bb||||false|false\u00bb box_shadow_style=\u00bbpreset3&#8243; global_colors_info=\u00bb{}\u00bb][\/et_pb_button][\/et_pb_column][\/et_pb_row][et_pb_row column_structure=\u00bb3_5,2_5&#8243; _builder_version=\u00bb4.16&#8243; _module_preset=\u00bbdefault\u00bb custom_margin=\u00bb31px|auto|31px|auto|true|\u00bb custom_padding=\u00bb3px||17px|||\u00bb global_colors_info=\u00bb{}\u00bb][et_pb_column type=\u00bb3_5&#8243; _builder_version=\u00bb4.16&#8243; _module_preset=\u00bbdefault\u00bb global_colors_info=\u00bb{}\u00bb][et_pb_image src=\u00bbhttps:\/\/gruposrm.com\/web\/wp-content\/uploads\/Seguridad-exhibicion-eguard-Alarms.jpg\u00bb alt=\u00bbGuayas yoyo de seguridad y alarmas para puntos de venta y exhibici\u00f3n\u00bb title_text=\u00bbSeguridad-exhibicion-eguard-Alarms\u00bb _builder_version=\u00bb4.26.0&#8243; _module_preset=\u00bbdefault\u00bb global_colors_info=\u00bb{}\u00bb][\/et_pb_image][\/et_pb_column][et_pb_column type=\u00bb2_5&#8243; _builder_version=\u00bb4.16&#8243; _module_preset=\u00bbdefault\u00bb global_colors_info=\u00bb{}\u00bb][et_pb_text _builder_version=\u00bb4.20.0&#8243; _module_preset=\u00bbdefault\u00bb global_colors_info=\u00bb{}\u00bb]<\/p>\n<h2>Seguridad <em>e-Guard Alarms<\/em> y exhibici\u00f3n para puntos de venta<\/h2>\n<p class=\"font-claude-response-body break-words whitespace-normal leading-[1.7]\">Exhibir en el punto de venta es una mezcla de inteligencia, estrategia, dise\u00f1o y seguridad. Nuestra marca <strong>e-Guard Alarms<\/strong> ofrece sistemas completos de seguridad y exhibici\u00f3n para productos en almacenes, centros de experiencia, puntos de atenci\u00f3n, oficinas, centros educativos, etc. adaptados a cualquier necesidad y presupuesto.<\/p>\n<ul class=\"[li_&amp;]:mb-0 [li_&amp;]:mt-1 [li_&amp;]:gap-1 [&amp;:not(:last-child)_ul]:pb-1 [&amp;:not(:last-child)_ol]:pb-1 list-disc flex flex-col gap-1 pl-8 mb-3\">\n<li class=\"whitespace-normal break-words pl-2\">Seguridad electr\u00f3nica para productos<\/li>\n<li class=\"whitespace-normal break-words pl-2\">Cables guaya retr\u00e1ctiles y cables antihurto con m\u00faltiples terminales adaptables<\/li>\n<li class=\"whitespace-normal break-words pl-2\">Soportes exhibidores y displays con sensores y alarmas incorporadas para dispositivos electr\u00f3nicos<\/li>\n<\/ul>\n<p>Tambi\u00e9n dise\u00f1amos, fabricamos y comercializamos elementos visuales innovadores para puntos de venta que generan impacto y aumentan las ventas.<\/p>\n<ul class=\"[li_&amp;]:mb-0 [li_&amp;]:mt-1 [li_&amp;]:gap-1 [&amp;:not(:last-child)_ul]:pb-1 [&amp;:not(:last-child)_ol]:pb-1 list-disc flex flex-col gap-1 pl-8 mb-3\">\n<li class=\"whitespace-normal break-words pl-2\">Displays retr\u00e1ctiles para publicidad y decoraci\u00f3n de techos interiores<\/li>\n<li class=\"whitespace-normal break-words pl-2\">Se\u00f1al\u00e9tica para puntos de venta<\/li>\n<li class=\"whitespace-normal break-words pl-2\">Soportes y exhibidores con impresi\u00f3n personalizada<\/li>\n<\/ul>\n<p>&nbsp;<\/p>\n<p>[\/et_pb_text][et_pb_button button_url=\u00bb@ET-DC@eyJkeW5hbWljIjp0cnVlLCJjb250ZW50IjoicG9zdF9saW5rX3VybF9wYWdlIiwic2V0dGluZ3MiOnsicG9zdF9pZCI6IjY4In19@\u00bb button_text=\u00bbConoce m\u00e1s&#8230;\u00bb button_alignment=\u00bbright\u00bb _builder_version=\u00bb4.27.0&#8243; _dynamic_attributes=\u00bbbutton_url\u00bb _module_preset=\u00bbdefault\u00bb custom_button=\u00bbon\u00bb button_border_width=\u00bb3px\u00bb button_border_radius=\u00bb10px\u00bb custom_padding=\u00bb|70px||70px|false|true\u00bb box_shadow_style=\u00bbpreset3&#8243; global_colors_info=\u00bb{}\u00bb][\/et_pb_button][et_pb_button button_url=\u00bbhttps:\/\/gruposrm.com\/Tienda2\/481-exhibici%C3%B3n\u00bb url_new_window=\u00bbon\u00bb button_text=\u00bbComprar seguridad PDV&#8230;\u00bb button_alignment=\u00bbright\u00bb _builder_version=\u00bb4.27.0&#8243; _module_preset=\u00bbdefault\u00bb custom_button=\u00bbon\u00bb button_text_color=\u00bb#ED7A00&#8243; button_border_width=\u00bb3px\u00bb button_border_radius=\u00bb11px\u00bb box_shadow_style=\u00bbpreset3&#8243; global_colors_info=\u00bb{}\u00bb][\/et_pb_button][\/et_pb_column][\/et_pb_row][\/et_pb_section][et_pb_section fb_built=\u00bb1&#8243; _builder_version=\u00bb4.16&#8243; _module_preset=\u00bbdefault\u00bb background_color=\u00bb#d6d6d6&#8243; use_background_color_gradient=\u00bbon\u00bb background_color_gradient_stops=\u00bb#ffffff 0%|#d6d6d6 100%\u00bb background_color_gradient_start=\u00bb#ffffff\u00bb background_color_gradient_end=\u00bb#d6d6d6&#8243; min_height=\u00bb495.9px\u00bb custom_margin=\u00bb-3px||-9px|||\u00bb custom_padding=\u00bb30px||2px|||\u00bb global_colors_info=\u00bb{}\u00bb][et_pb_row column_structure=\u00bb1_2,1_2&#8243; _builder_version=\u00bb4.27.5&#8243; _module_preset=\u00bbdefault\u00bb background_enable_color=\u00bboff\u00bb min_height=\u00bb508.9px\u00bb custom_margin=\u00bb-29px|auto||auto||\u00bb custom_padding=\u00bb2px|||||\u00bb global_colors_info=\u00bb{}\u00bb][et_pb_column type=\u00bb1_2&#8243; _builder_version=\u00bb4.16&#8243; _module_preset=\u00bbdefault\u00bb global_colors_info=\u00bb{}\u00bb][et_pb_blurb title=\u00bbMarketing, publicidad y dise\u00f1o visual para la comunicaci\u00f3n.\u00bb image=\u00bbhttps:\/\/gruposrm.com\/web\/wp-content\/uploads\/Logo-Lagencia-Publicidad.jpg\u00bb alt=\u00bbLogo- Lagencia Publicidad\u00bb image_icon_width=\u00bb100%\u00bb _builder_version=\u00bb4.24.3&#8243; _module_preset=\u00bbdefault\u00bb header_font=\u00bb|600|||||||\u00bb background_color=\u00bb#6b6b6b\u00bb background_layout=\u00bbdark\u00bb min_height=\u00bb700px\u00bb custom_margin=\u00bb10px|10px|10px|10px|true|true\u00bb custom_padding=\u00bb10px|10px|10px|10px|true|true\u00bb border_radii=\u00bbon|20px|20px|20px|20px\u00bb border_radii_image=\u00bbon|10px|10px|10px|10px\u00bb box_shadow_style_image=\u00bbpreset6&#8243; global_colors_info=\u00bb{}\u00bb]<\/p>\n<p class=\"font-claude-response-body break-words whitespace-normal leading-[1.7]\">Lo hemos hecho con emprendedores, empresas peque\u00f1as, medianas, grandes, multinacionales y extranjeras. En este sentido somos promiscuos por naturaleza y \u00a1nos encanta!<\/p>\n<p class=\"font-claude-response-body break-words whitespace-normal leading-[1.7]\">Desde 1996 en <strong>Lagencia Publicidad<\/strong> desarrollamos y ponemos en marcha ideas y estrategias. Somos la primera empresa del grupo pero seguimos evolucionado.<\/p>\n<p class=\"font-claude-response-body break-words whitespace-normal leading-[1.7]\">Logramos publicidad fecunda, pro-creativa y re-productiva, la m\u00e1s divertida de todas.<\/p>\n<p>[\/et_pb_blurb][et_pb_button button_url=\u00bb@ET-DC@eyJkeW5hbWljIjp0cnVlLCJjb250ZW50IjoicG9zdF9saW5rX3VybF9wYWdlIiwic2V0dGluZ3MiOnsicG9zdF9pZCI6IjI4In19@\u00bb button_text=\u00bbConocer m\u00e1s&#8230;\u00bb button_alignment=\u00bbcenter\u00bb _builder_version=\u00bb4.27.6&#8243; _dynamic_attributes=\u00bbbutton_url\u00bb _module_preset=\u00bbdefault\u00bb custom_button=\u00bbon\u00bb button_text_size=\u00bb20px\u00bb button_text_color=\u00bb#FFFFFF\u00bb button_bg_color=\u00bb#ff5400&#8243; custom_margin=\u00bb-18px|||||\u00bb box_shadow_style=\u00bbpreset3&#8243; global_colors_info=\u00bb{}\u00bb][\/et_pb_button][\/et_pb_column][et_pb_column type=\u00bb1_2&#8243; _builder_version=\u00bb4.16&#8243; _module_preset=\u00bbdefault\u00bb global_colors_info=\u00bb{}\u00bb][et_pb_blurb title=\u00bbSoluciones y servicios integrales para el universo web.\u00bb image=\u00bbhttps:\/\/gruposrm.com\/web\/wp-content\/uploads\/Doble-Click.jpg\u00bb alt=\u00bbLogo Doble Click SRM\u00bb _builder_version=\u00bb4.24.3&#8243; _module_preset=\u00bbdefault\u00bb header_font=\u00bb|600|||||||\u00bb background_color=\u00bb#6b6b6b\u00bb background_layout=\u00bbdark\u00bb min_height=\u00bb700px\u00bb custom_margin=\u00bb10px|10px|10px|10px|true|true\u00bb custom_padding=\u00bb10px|10px|10px|10px|true|true\u00bb border_radii=\u00bbon|20px|20px|20px|20px\u00bb border_radii_image=\u00bbon|10px|10px|10px|10px\u00bb box_shadow_style_image=\u00bbpreset6&#8243; global_colors_info=\u00bb{}\u00bb]<\/p>\n<p class=\"font-claude-response-body break-words whitespace-normal leading-[1.7]\">Desde el a\u00f1o 2000 en <strong>DDoble Click<\/strong> dise\u00f1amos p\u00e1ginas web. Desde entonces hemos evolucionado hacia la creaci\u00f3n e integraci\u00f3n de ecosistemas digitales completos e IA.<\/p>\n<p class=\"font-claude-response-body break-words whitespace-normal leading-[1.7]\">Hoy ofrecemos no solamente un dise\u00f1o, sino una soluci\u00f3n escalable que trabaja para ti en el universo digital: tiendas online, sitios corporativos, hospedaje web y estrategia digital.<\/p>\n<p class=\"font-claude-response-body break-words whitespace-normal leading-[1.7]\">Cuando quieras, conversemos. Cu\u00e9ntanos en qu\u00e9 est\u00e1s y hasta d\u00f3nde quieres llegar.<\/p>\n<p>[\/et_pb_blurb][et_pb_button button_url=\u00bb@ET-DC@eyJkeW5hbWljIjp0cnVlLCJjb250ZW50IjoicG9zdF9saW5rX3VybF9wYWdlIiwic2V0dGluZ3MiOnsicG9zdF9pZCI6IjMwIn19@\u00bb button_text=\u00bbConocer m\u00e1s&#8230;\u00bb button_alignment=\u00bbcenter\u00bb _builder_version=\u00bb4.27.6&#8243; _dynamic_attributes=\u00bbbutton_url\u00bb _module_preset=\u00bbdefault\u00bb custom_button=\u00bbon\u00bb button_text_size=\u00bb20px\u00bb button_text_color=\u00bb#FFFFFF\u00bb button_bg_color=\u00bb#ff5400&#8243; custom_margin=\u00bb-18px|||||\u00bb box_shadow_style=\u00bbpreset3&#8243; global_colors_info=\u00bb{}\u00bb][\/et_pb_button][\/et_pb_column][\/et_pb_row][\/et_pb_section][et_pb_section fb_built=\u00bb1&#8243; _builder_version=\u00bb4.16&#8243; _module_preset=\u00bbdefault\u00bb background_color=\u00bb#d6d6d6&#8243; background_enable_image=\u00bboff\u00bb min_height=\u00bb559px\u00bb custom_margin=\u00bb9px|||||\u00bb custom_padding=\u00bb15px||0px|||\u00bb global_colors_info=\u00bb{}\u00bb][et_pb_row column_structure=\u00bb1_2,1_2&#8243; _builder_version=\u00bb4.16&#8243; _module_preset=\u00bbdefault\u00bb custom_margin=\u00bb-116px|auto||auto||\u00bb custom_padding=\u00bb91px|||||\u00bb global_colors_info=\u00bb{}\u00bb][et_pb_column type=\u00bb1_2&#8243; _builder_version=\u00bb4.16&#8243; _module_preset=\u00bbdefault\u00bb global_colors_info=\u00bb{}\u00bb][et_pb_blurb title=\u00bbServicio de corte, troquelado y grabado l\u00e1ser y fresadora CNC.\u00bb image=\u00bbhttps:\/\/gruposrm.com\/web\/wp-content\/uploads\/CNC-Corte-Grabado-Laser-Router.jpg\u00bb alt=\u00bbCorte y grabado en l\u00e1ser y router CNC\u00bb admin_label=\u00bbCNC\u00bb _builder_version=\u00bb4.24.3&#8243; _module_preset=\u00bbdefault\u00bb header_font=\u00bb|600|||||||\u00bb background_color=\u00bb#ffffff\u00bb height=\u00bb771px\u00bb custom_margin=\u00bb10px|10px|10px|10px|true|true\u00bb custom_padding=\u00bb10px|10px|10px|10px|true|true\u00bb border_radii=\u00bbon|20px|20px|20px|20px\u00bb border_width_all=\u00bb2px\u00bb border_color_all=\u00bb#d6d6d6&#8243; border_radii_image=\u00bbon|10px|10px|10px|10px\u00bb global_colors_info=\u00bb{}\u00bb]<\/p>\n<p class=\"font-claude-response-body break-words whitespace-normal leading-[1.7]\">Con nuestras m\u00e1quinas de <strong>tecnolog\u00eda l\u00e1ser y fresadora CNC<\/strong> (Control Num\u00e9rico Computarizado) es posible cortar, tallar y marcar sobre diversos materiales con alta precisi\u00f3n.<\/p>\n<p class=\"font-claude-response-body break-words whitespace-normal leading-[1.7]\">Desarrollamos proyectos para dise\u00f1o industrial, publicitario y promocional, as\u00ed como desarrollo de producto y prototipado. \u00bfTe ayudamos con el tuyo?<\/p>\n<p>[\/et_pb_blurb][et_pb_button button_url=\u00bb@ET-DC@eyJkeW5hbWljIjp0cnVlLCJjb250ZW50IjoicG9zdF9saW5rX3VybF9wYWdlIiwic2V0dGluZ3MiOnsicG9zdF9pZCI6IjU5In19@\u00bb button_text=\u00bbConocer m\u00e1s&#8230;\u00bb button_alignment=\u00bbcenter\u00bb _builder_version=\u00bb4.27.6&#8243; _dynamic_attributes=\u00bbbutton_url\u00bb _module_preset=\u00bbdefault\u00bb custom_button=\u00bbon\u00bb button_text_color=\u00bb#FFFFFF\u00bb button_bg_color=\u00bb#ff5400&#8243; custom_margin=\u00bb-22px|||||\u00bb box_shadow_style=\u00bbpreset3&#8243; global_colors_info=\u00bb{}\u00bb][\/et_pb_button][\/et_pb_column][et_pb_column type=\u00bb1_2&#8243; _builder_version=\u00bb4.27.6&#8243; _module_preset=\u00bbdefault\u00bb global_colors_info=\u00bb{}\u00bb][et_pb_blurb title=\u00bbImpresi\u00f3n ecol\u00f3gica digital en gran formato \u2014 Colombia\u00bb image=\u00bbhttps:\/\/gruposrm.com\/web\/wp-content\/uploads\/ImpresionArte.jpg\u00bb alt=\u00bbImpresi\u00f3n Digital ecol\u00f3gica Cota y Bogot\u00e1\u00bb _builder_version=\u00bb4.24.3&#8243; _module_preset=\u00bbdefault\u00bb header_font=\u00bb|600|||||||\u00bb background_color=\u00bb#ffffff\u00bb height=\u00bb774px\u00bb custom_margin=\u00bb10px|10px|10px|10px|true|true\u00bb custom_padding=\u00bb24px|10px|24px|10px|true|true\u00bb border_radii=\u00bbon|20px|20px|20px|20px\u00bb border_width_all=\u00bb2px\u00bb border_color_all=\u00bb#d6d6d6&#8243; border_radii_image=\u00bbon|10px|10px|10px|10px\u00bb global_colors_info=\u00bb{}\u00bb]<\/p>\n<p class=\"font-claude-response-body break-words whitespace-normal leading-[1.7]\">M\u00e1s que una empresa de impresi\u00f3n, somos una soluci\u00f3n total de dise\u00f1o que lleva tus ideas desde el concepto hasta el medio impreso, con los mejores materiales, procesos ecol\u00f3gicos y cumplimiento de tiempos.<\/p>\n<p class=\"font-claude-response-body break-words whitespace-normal leading-[1.7]\">Especializados en <strong>impresi\u00f3n digital ecol\u00f3gica en gran formato<\/strong> para stands, eventos, puntos de venta y espacios comerciales en Colombia.<br \/>Si deseas impresion-arte, no dudes en contar con nosotros.<\/p>\n<p>[\/et_pb_blurb][et_pb_button button_url=\u00bb@ET-DC@eyJkeW5hbWljIjp0cnVlLCJjb250ZW50IjoicG9zdF9saW5rX3VybF9wYWdlIiwic2V0dGluZ3MiOnsicG9zdF9pZCI6IjI0NDAifX0=@\u00bb button_text=\u00bbConocer m\u00e1s&#8230;\u00bb button_alignment=\u00bbcenter\u00bb _builder_version=\u00bb4.27.6&#8243; _dynamic_attributes=\u00bbbutton_url\u00bb _module_preset=\u00bbdefault\u00bb custom_button=\u00bbon\u00bb button_text_color=\u00bb#FFFFFF\u00bb button_bg_color=\u00bb#ff5400&#8243; custom_margin=\u00bb-24px|||||\u00bb box_shadow_style=\u00bbpreset3&#8243; global_colors_info=\u00bb{}\u00bb][\/et_pb_button][\/et_pb_column][\/et_pb_row][\/et_pb_section][et_pb_section fb_built=\u00bb1&#8243; _builder_version=\u00bb4.16&#8243; _module_preset=\u00bbdefault\u00bb background_color=\u00bbrgba(0,0,0,0)\u00bb custom_padding=\u00bb12px||0px|||\u00bb global_colors_info=\u00bb{}\u00bb][et_pb_row column_structure=\u00bb1_2,1_2&#8243; _builder_version=\u00bb4.16&#8243; _module_preset=\u00bbdefault\u00bb min_height=\u00bb391.9px\u00bb custom_margin=\u00bb4px|auto||auto||\u00bb custom_padding=\u00bb4px||29px|||\u00bb global_colors_info=\u00bb{}\u00bb][et_pb_column type=\u00bb1_2&#8243; _builder_version=\u00bb4.16&#8243; _module_preset=\u00bbdefault\u00bb global_colors_info=\u00bb{}\u00bb][et_pb_blurb title=\u00bbespuf : Lab y tienda de dise\u00f1o.\u00bb image=\u00bbhttps:\/\/gruposrm.com\/web\/wp-content\/uploads\/Espuf.jpg\u00bb alt=\u00bbEspuf. Tienda de dise\u00f1o en Colombia\u00bb admin_label=\u00bbEspuf\u00bb _builder_version=\u00bb4.24.3&#8243; _module_preset=\u00bbdefault\u00bb header_font=\u00bb|600|||||||\u00bb background_color=\u00bb#ffffff\u00bb height=\u00bb800px\u00bb custom_margin=\u00bb10px|10px|10px|10px|true|true\u00bb custom_padding=\u00bb40px|10px|40px|10px|true|true\u00bb border_radii=\u00bbon|20px|20px|20px|20px\u00bb border_width_all=\u00bb2px\u00bb border_color_all=\u00bb#d6d6d6&#8243; border_radii_image=\u00bbon|10px|10px|10px|10px\u00bb border_color_all_image=\u00bbRGBA(255,255,255,0)\u00bb global_colors_info=\u00bb{}\u00bb]<\/p>\n<p align=\"justify\"><span style=\"color: #ff6600;\"><a href=\"http:\/\/www.espuf.com\/\" target=\"_blank\" rel=\"noopener\" style=\"color: #ff6600;\"><strong>espuf.com<\/strong><\/a><\/span> <span style=\"color: #545454;\">es una marca de <strong>Grupo SRM<\/strong>, especializada crear y co-crear dise\u00f1o.<\/span><br \/><span style=\"color: #545454;\"> Cuando hablamos de dise\u00f1o es&#8230; Todo!. Dise\u00f1o industrial, dise\u00f1o de modas, dise\u00f1o gr\u00e1fico, dise\u00f1o de interiores, dise\u00f1o de&#8230; y m\u00e1s dise\u00f1o.\u00a0<\/span><span style=\"color: #545454; font-size: 15px; text-align: left;\">Despu\u00e9s, otro poco m\u00e1s de dise\u00f1o \u00a1y listo!<\/span><\/p>\n<p align=\"justify\"><span style=\"color: #545454;\">Dise\u00f1adores y dise\u00f1os que convergen en un mismo lugar, ese es el territorio espuf.<\/span><\/p>\n<p>[\/et_pb_blurb][et_pb_button button_url=\u00bbhttp:\/\/www.espuf.com\u00bb url_new_window=\u00bbon\u00bb button_text=\u00bbConocer m\u00e1s&#8230;\u00bb button_alignment=\u00bbcenter\u00bb _builder_version=\u00bb4.27.6&#8243; _module_preset=\u00bbdefault\u00bb custom_button=\u00bbon\u00bb button_text_color=\u00bb#FFFFFF\u00bb button_bg_color=\u00bb#ff5400&#8243; custom_margin=\u00bb-27px|||||\u00bb box_shadow_style=\u00bbpreset3&#8243; global_colors_info=\u00bb{}\u00bb][\/et_pb_button][\/et_pb_column][et_pb_column type=\u00bb1_2&#8243; _builder_version=\u00bb4.16&#8243; _module_preset=\u00bbdefault\u00bb global_colors_info=\u00bb{}\u00bb][et_pb_blurb title=\u00bbArquitectura sostenible y ecol\u00f3gica basada en contenedores mar\u00edtimos y otras estructuras.\u00bb image=\u00bbhttps:\/\/gruposrm.com\/web\/wp-content\/uploads\/Container-Arquitectura.jpg\u00bb alt=\u00bbDise\u00f1o arquitect\u00f3nico basado en contenedores\u00bb admin_label=\u00bbContainer Arquitectura\u00bb _builder_version=\u00bb4.24.3&#8243; _module_preset=\u00bbdefault\u00bb header_font=\u00bb|600|||||||\u00bb background_color=\u00bb#ffffff\u00bb height=\u00bb800px\u00bb custom_margin=\u00bb12px|10px|12px|10px|true|true\u00bb custom_padding=\u00bb40px|10px|40px|10px|true|true\u00bb border_radii=\u00bbon|20px|20px|20px|20px\u00bb border_width_all=\u00bb2px\u00bb border_color_all=\u00bb#d6d6d6&#8243; border_radii_image=\u00bbon|10px|10px|10px|10px\u00bb global_colors_info=\u00bb{}\u00bb]<\/p>\n<p align=\"justify\">\u00bfHabitar un contenedor?&#8230; \u00bfEs en serio?<br \/><span style=\"color: #000000;\"><span style=\"color: #545454;\">En<\/span>\u00a0<\/span><span style=\"font-size: 15px; text-align: left; background-color: #ffffff; color: #ff6600; font-weight: bold;\"><a href=\"http:\/\/www.containerarquitectura.com\/\" target=\"_blank\" rel=\"noopener noreferrer\" style=\"font-size: 15px; background-color: #ffffff; color: #ff6600;\">ContainerArquitectura.com<\/a><\/span><span style=\"font-size: 15px; color: #000000; text-align: left;\">\u00a0d<\/span><span style=\"font-size: 15px; text-align: left; color: #545454;\">esde 2009, ofrecemos dise\u00f1o para soluciones habitacionales basadas en contenedores mar\u00edtimos de carga.<\/span><\/p>\n<p align=\"justify\"><span style=\"color: #545454;\">Casas en contenedores, edificios, oficinas, instalaciones comerciales e industriales, centros educativos, bodegas, elaborados en estas robustas estructuras y mezclados con nuestra \u00abmagia\u00bb, para crear espacios agradables, ecol\u00f3gicos, modernos, din\u00e1micos y funcionales. !En serio!<\/span><\/p>\n<p>[\/et_pb_blurb][et_pb_button button_url=\u00bbhttp:\/\/www.ContainerArquitectura.com\u00bb url_new_window=\u00bbon\u00bb button_text=\u00bbConocer m\u00e1s&#8230;\u00bb button_alignment=\u00bbcenter\u00bb _builder_version=\u00bb4.27.6&#8243; _module_preset=\u00bbdefault\u00bb custom_button=\u00bbon\u00bb button_text_color=\u00bb#FFFFFF\u00bb button_bg_color=\u00bb#ff5400&#8243; custom_margin=\u00bb-32px||6px|||\u00bb custom_padding=\u00bb9px|||||\u00bb box_shadow_style=\u00bbpreset3&#8243; global_colors_info=\u00bb{}\u00bb][\/et_pb_button][\/et_pb_column][\/et_pb_row][\/et_pb_section][et_pb_section fb_built=\u00bb1&#8243; _builder_version=\u00bb4.17.3&#8243; _module_preset=\u00bbdefault\u00bb background_color=\u00bb#000000&#8243; background_image=\u00bbhttps:\/\/gruposrm.com\/web\/wp-content\/uploads\/2021\/01\/Aluminio1.jpg\u00bb custom_margin=\u00bb-12px|||||\u00bb custom_padding=\u00bb18px||10px|||\u00bb global_colors_info=\u00bb{}\u00bb][et_pb_row _builder_version=\u00bb4.25.1&#8243; _module_preset=\u00bbdefault\u00bb background_color=\u00bbrgba(255,255,255,0.65)\u00bb min_height=\u00bb358px\u00bb custom_margin=\u00bb5px|auto||auto|false|false\u00bb custom_padding=\u00bb20px|20px|20px|20px|true|true\u00bb border_radii=\u00bbon|20px|20px|20px|20px\u00bb global_colors_info=\u00bb{}\u00bb][et_pb_column type=\u00bb4_4&#8243; _builder_version=\u00bb4.16&#8243; _module_preset=\u00bbdefault\u00bb global_colors_info=\u00bb{}\u00bb][et_pb_text _builder_version=\u00bb4.16&#8243; _module_preset=\u00bbdefault\u00bb text_font=\u00bb||||||||\u00bb text_line_height=\u00bb1.9em\u00bb header_text_color=\u00bb#ffffff\u00bb min_height=\u00bb312px\u00bb custom_margin_tablet=\u00bb\u00bb custom_margin_phone=\u00bb\u00bb custom_margin_last_edited=\u00bbon|desktop\u00bb custom_padding=\u00bb||||false|false\u00bb inline_fonts=\u00bbActor,Aladin\u00bb global_colors_info=\u00bb{}\u00bb]<\/p>\n<h4><span style=\"color: #333333; font-size: medium; font-family: Actor; font-weight: normal;\"><strong>Y&#8230;. \u00bfPorqu\u00e9 nosotros?<\/strong><\/span><\/h4>\n<p class=\"font-claude-response-body break-words whitespace-normal leading-[1.7]\">Adem\u00e1s de todo lo que ya te puedes imaginar \u2014 hacemos las cosas bien, amamos lo que hacemos y contamos con los recursos y la experiencia \u2014 hay algo que nos diferencia de verdad:<\/p>\n<p class=\"font-claude-response-body break-words whitespace-normal leading-[1.7]\">Nos convertimos en parte de tu equipo. Somos proactivos, co-creamos contigo y no esperamos que nos pidan hacer m\u00e1s de lo acordado. Vamos a construir grandes experiencias juntos.<\/p>\n<ul class=\"[li_&amp;]:mb-0 [li_&amp;]:mt-1 [li_&amp;]:gap-1 [&amp;:not(:last-child)_ul]:pb-1 [&amp;:not(:last-child)_ol]:pb-1 list-disc flex flex-col gap-1 pl-8 mb-3\">\n<li class=\"whitespace-normal break-words pl-2\"><strong>Existimos desde 1996<\/strong> \u2014 son a\u00f1os sumados de experiencia, persistencia y resiliencia en el mercado colombiano<\/li>\n<li><strong>Siempre en movimiento<\/strong> \u2014 Invertimos, nos reinventamos, nos implementamos, nos complementamos, crecemos y cambiamos constantemente<\/li>\n<li class=\"whitespace-normal break-words pl-2\"><strong>Soluci\u00f3n 360\u00b0<\/strong> \u2014 somos multidisciplinarios: stands, marketing, dise\u00f1o web, impresi\u00f3n, seguridad y m\u00e1s. Todo en un mismo lugar<\/li>\n<li class=\"whitespace-normal break-words pl-2\"><strong>Implementaci\u00f3n permanente con m\u00e1s de 130 modelos par stands<\/strong> somos fabricantes y contamos con entrega a toda Colombia y exportaci\u00f3n internacional<\/li>\n<li class=\"whitespace-normal break-words pl-2\"><strong>Garant\u00eda directa<\/strong> \u2014 sin intermediarios, con garant\u00eda propia de cada una de nuestras marcas y servicio posventa<\/li>\n<li class=\"whitespace-normal break-words pl-2\"><strong>Hemos trabajado<\/strong> con emprendedores, pymes, empresas medianas, grandes , multinacionales y de diferentes sectores de la econom\u00eda<\/li>\n<\/ul>\n<p class=\"font-claude-response-body break-words whitespace-normal leading-[1.7]\">Como ves, sin salir de casa. Todo en el mismo lugar. Charlemos cuando quieras y si deseas pasarte, nosotros invitamos el caf\u00e9.<\/p>\n<p><span style=\"color: #353535; font-size: medium; font-family: Actor; font-weight: normal;\"><strong><\/strong><\/span><\/p>\n<p>[\/et_pb_text][\/et_pb_column][\/et_pb_row][et_pb_row _builder_version=\u00bb4.24.3&#8243; _module_preset=\u00bbdefault\u00bb custom_padding=\u00bb17px||14px|||\u00bb global_colors_info=\u00bb{}\u00bb][et_pb_column type=\u00bb4_4&#8243; _builder_version=\u00bb4.24.3&#8243; _module_preset=\u00bbdefault\u00bb global_colors_info=\u00bb{}\u00bb][et_pb_search _builder_version=\u00bb4.27.4&#8243; _module_preset=\u00bbdefault\u00bb form_field_background_color=\u00bb#FFFFFF\u00bb button_font=\u00bb|700|||||||\u00bb button_text_color=\u00bb#ED7A00&#8243; button_font_size=\u00bb17px\u00bb background_color=\u00bb#d8d8d8&#8243; border_radii=\u00bbon|5px|5px|5px|5px\u00bb global_colors_info=\u00bb{}\u00bb][\/et_pb_search][\/et_pb_column][\/et_pb_row][\/et_pb_section][et_pb_section fb_built=\u00bb1&#8243; _builder_version=\u00bb4.16&#8243; _module_preset=\u00bbdefault\u00bb background_color=\u00bb#686868&#8243; min_height=\u00bb126px\u00bb custom_margin=\u00bb-2px|||||\u00bb custom_padding=\u00bb22px||25px|||\u00bb global_colors_info=\u00bb{}\u00bb][et_pb_row column_structure=\u00bb1_4,3_4&#8243; _builder_version=\u00bb4.16&#8243; _dynamic_attributes=\u00bblink_option_url\u00bb _module_preset=\u00bbdefault\u00bb background_color=\u00bb#ffffff\u00bb custom_margin=\u00bb||||false|false\u00bb custom_padding=\u00bb10px|10px|10px|10px|true|true\u00bb link_option_url=\u00bb@ET-DC@eyJkeW5hbWljIjp0cnVlLCJjb250ZW50IjoicG9zdF9saW5rX3VybF9wYWdlIiwic2V0dGluZ3MiOnsicG9zdF9pZCI6IjkxOSJ9fQ==@\u00bb border_radii=\u00bbon|20px|20px|20px|20px\u00bb border_width_all=\u00bb2px\u00bb border_color_all=\u00bb#d6d6d6&#8243; global_colors_info=\u00bb{}\u00bb][et_pb_column type=\u00bb1_4&#8243; _builder_version=\u00bb4.16&#8243; _module_preset=\u00bbdefault\u00bb global_colors_info=\u00bb{}\u00bb][et_pb_text _builder_version=\u00bb4.27.6&#8243; _module_preset=\u00bbdefault\u00bb global_colors_info=\u00bb{}\u00bb]<\/p>\n<p><em><span style=\"font-size: small;\"><strong>Atendemos desde Colombia (Cota, Cundinamarca) a m\u00e1s de 20 pa\u00edses.<\/strong><\/span><\/em><strong><\/strong><strong><\/strong><\/p>\n<p>[\/et_pb_text][\/et_pb_column][et_pb_column type=\u00bb3_4&#8243; _builder_version=\u00bb4.16&#8243; _module_preset=\u00bbdefault\u00bb global_colors_info=\u00bb{}\u00bb][et_pb_image src=\u00bbhttps:\/\/gruposrm.com\/web\/wp-content\/uploads\/FormasDePago.jpg\u00bb alt=\u00bbFormas de Pago en Grupo SRM\u00bb title_text=\u00bbFormas de Pago en Grupo SRM\u00bb _builder_version=\u00bb4.27.4&#8243; _module_preset=\u00bbdefault\u00bb global_colors_info=\u00bb{}\u00bb][\/et_pb_image][\/et_pb_column][\/et_pb_row][\/et_pb_section]<\/p>\n","protected":false},"excerpt":{"rendered":"<p>Hola, al fin llegaste.\u00a0Nos alegra tenerte por aqu\u00ed.En Grupo SRM encontrar\u00e1s un abanico de productos y servicios de todas nuestras marcas, cobijadas bajo una sola empresa.Para iniciar debes saber que&#8230; Nuestra plataforma est\u00e1 dise\u00f1ada para que encuentres f\u00e1cilmente informaci\u00f3n detallada sobre cada producto, servicio y proceso. En nuestra tienda online puedes comprar o generar cotizaciones [&hellip;]<\/p>\n","protected":false},"author":2,"featured_media":0,"parent":0,"menu_order":0,"comment_status":"closed","ping_status":"closed","template":"","meta":{"_et_pb_use_builder":"on","_et_pb_old_content":"<!-- wp:divi\/placeholder \/-->","_et_gb_content_width":"","footnotes":""},"difl_page_category":[119,227,224,223,209,123,210,211,213,215,214,212,204,205,222,225,220,216,124,217,218,113,230,107,108,111,106,109,105,97,203,198,197,228,189,188,90,201,114,115,200,195,229,196,86,117,118,87,98,101,99,96,104,103,102,100,202,199,94,207,219,154,116,226,208,88,191,193,192,190,194,187,186,89,112,110,206,221],"class_list":["post-83","page","type-page","status-publish","hentry","difl_page_category-3d-print","difl_page_category-alarm-display","difl_page_category-alarma-para-exhibicion","difl_page_category-alarma-para-tiendas","difl_page_category-alarmas-antirrobo","difl_page_category-alarmas-antirrobo-para-puntos-de-venta","difl_page_category-alarmas-de-seguridad-para-productos","difl_page_category-alarmas-para-celulares","difl_page_category-alarmas-para-computadoras","difl_page_category-alarmas-para-herramientas","difl_page_category-alarmas-para-laptops","difl_page_category-alarmas-para-tablets","difl_page_category-backings","difl_page_category-backwall","difl_page_category-cable-acerado","difl_page_category-cable-guaya-retractil","difl_page_category-cable-yoyo","difl_page_category-cables-de-seguridad-para-herramientas","difl_page_category-cables-guaya","difl_page_category-cables-para-exhibicion","difl_page_category-cables-retractiles","difl_page_category-colcomanias","difl_page_category-corte-cnc","difl_page_category-corte-de-cajas","difl_page_category-corte-de-carton","difl_page_category-corte-de-etiquetas","difl_page_category-corte-de-letras-en-vinilo","difl_page_category-corte-de-papel","difl_page_category-corte-de-vinilo","difl_page_category-corte-laser","difl_page_category-counters","difl_page_category-diseno-de-displays","difl_page_category-diseno-de-stands","difl_page_category-display-con-alarma","difl_page_category-displays-ecologicos","difl_page_category-displays-para-stands","difl_page_category-displays-publicitarios","difl_page_category-eco-stands","difl_page_category-etiquetas-para-alimentos","difl_page_category-etiquetas-para-productos","difl_page_category-expo-stands","difl_page_category-fabrica-de-stands","difl_page_category-fabricante-de-stands","difl_page_category-fabricantes-de-stands","difl_page_category-impresion-3d","difl_page_category-impresion-3d-cota","difl_page_category-impresion-3d-de-calidad","difl_page_category-impresion-3d-en-colombia","difl_page_category-impresion-digital","difl_page_category-impresion-digital-de-alta-calidad","difl_page_category-impresion-digital-gran-formato","difl_page_category-impresion-ecologica","difl_page_category-impresion-en-colombia","difl_page_category-impresion-en-cota","difl_page_category-impresion-fotografica-gran-formato","difl_page_category-impresion-latex","difl_page_category-mesas-publicitarias","difl_page_category-mobiliario-para-ferias","difl_page_category-plotter-de-corte","difl_page_category-porta-tv","difl_page_category-recoilers","difl_page_category-router-cnc","difl_page_category-servicio-de-impresion","difl_page_category-soluciones-en-seguridad","difl_page_category-stand-modular","difl_page_category-stands","difl_page_category-stands-de-carton","difl_page_category-stands-desarmables","difl_page_category-stands-duraderos","difl_page_category-stands-ecologicos","difl_page_category-stands-en-colombia","difl_page_category-stands-portables","difl_page_category-stands-portatiles","difl_page_category-stands-publicitarios","difl_page_category-stickers","difl_page_category-troquelado-digital","difl_page_category-vitrinas","difl_page_category-yoyo-de-seguridad"],"_links":{"self":[{"href":"https:\/\/gruposrm.com\/web\/inicio\/wp-json\/wp\/v2\/pages\/83","targetHints":{"allow":["GET"]}}],"collection":[{"href":"https:\/\/gruposrm.com\/web\/inicio\/wp-json\/wp\/v2\/pages"}],"about":[{"href":"https:\/\/gruposrm.com\/web\/inicio\/wp-json\/wp\/v2\/types\/page"}],"author":[{"embeddable":true,"href":"https:\/\/gruposrm.com\/web\/inicio\/wp-json\/wp\/v2\/users\/2"}],"replies":[{"embeddable":true,"href":"https:\/\/gruposrm.com\/web\/inicio\/wp-json\/wp\/v2\/comments?post=83"}],"version-history":[{"count":440,"href":"https:\/\/gruposrm.com\/web\/inicio\/wp-json\/wp\/v2\/pages\/83\/revisions"}],"predecessor-version":[{"id":5507,"href":"https:\/\/gruposrm.com\/web\/inicio\/wp-json\/wp\/v2\/pages\/83\/revisions\/5507"}],"wp:attachment":[{"href":"https:\/\/gruposrm.com\/web\/inicio\/wp-json\/wp\/v2\/media?parent=83"}],"wp:term":[{"taxonomy":"difl_page_category","embeddable":true,"href":"https:\/\/gruposrm.com\/web\/inicio\/wp-json\/wp\/v2\/difl_page_category?post=83"}],"curies":[{"name":"wp","href":"https:\/\/api.w.org\/{rel}","templated":true}]}}