{"id":76,"date":"2021-01-07T15:15:34","date_gmt":"2021-01-07T15:15:34","guid":{"rendered":"https:\/\/gruposrm.com\/web\/?page_id=76"},"modified":"2026-04-27T08:13:50","modified_gmt":"2026-04-27T03:13:50","slug":"quienes-somos","status":"publish","type":"page","link":"https:\/\/gruposrm.com\/web\/inicio\/quienes-somos\/","title":{"rendered":"Qui\u00e9nes somos"},"content":{"rendered":"<p>[et_pb_section fb_built=\u00bb1&#8243; fullwidth=\u00bbon\u00bb _builder_version=\u00bb4.27.4&#8243; _module_preset=\u00bbdefault\u00bb global_colors_info=\u00bb{}\u00bb][et_pb_fullwidth_image src=\u00bbhttps:\/\/gruposrm.com\/web\/wp-content\/uploads\/Oferta-Grupo-SRM.jpg\u00bb alt=\u00bbOferta comercial SRM Group o Grupo SRM\u00bb title_text=\u00bbOferta-Grupo-SRM\u00bb _builder_version=\u00bb4.27.4&#8243; _module_preset=\u00bbdefault\u00bb global_colors_info=\u00bb{}\u00bb][\/et_pb_fullwidth_image][\/et_pb_section][et_pb_section fb_built=\u00bb1&#8243; _builder_version=\u00bb4.16&#8243; _module_preset=\u00bbdefault\u00bb min_height=\u00bb1496.2px\u00bb custom_margin=\u00bb8px|||||\u00bb custom_padding=\u00bb5px|0px|14px|||\u00bb global_colors_info=\u00bb{}\u00bb][et_pb_row _builder_version=\u00bb4.16&#8243; _module_preset=\u00bbdefault\u00bb custom_padding=\u00bb12px||5px|||\u00bb global_colors_info=\u00bb{}\u00bb][et_pb_column type=\u00bb4_4&#8243; _builder_version=\u00bb4.16&#8243; _module_preset=\u00bbdefault\u00bb global_colors_info=\u00bb{}\u00bb][et_pb_text _builder_version=\u00bb4.27.4&#8243; _module_preset=\u00bbdefault\u00bb custom_margin=\u00bb19px|||||\u00bb global_colors_info=\u00bb{}\u00bb]<\/p>\n<h1 align=\"justify\"><strong>GRUPO SRM <\/strong><strong>\u00bfQUE MARCAS Y EMPRESAS LO CONFORMAN?<\/strong><\/h1>\n<h1 align=\"justify\"><span style=\"font-size: 15px; text-align: left; color: #666666;\">Ahora que te interesas por conocer acerca de nosotros \u2014 Grupo SRM \u2014 te vamos a hacer una breve rese\u00f1a de nuestra historia.<\/span><\/h1>\n<p class=\"font-claude-response-body break-words whitespace-normal leading-[1.7]\"><strong>1996 \u2014 El principio<\/strong><\/p>\n<blockquote class=\"ml-2 border-l-4 border-border-300\/10 pl-4 text-text-300\">\n<p class=\"font-claude-response-body break-words whitespace-normal leading-[1.7]\">En 1996, nuestro actual CEO, Sergio Rodr\u00edguez Mej\u00eda (SRM), entonces estudiante de Administraci\u00f3n de Empresas y de Marketing y Publicidad, dio inicio a su propia agencia, a la que bautiz\u00f3 <strong>Lagencia Publicidad<\/strong>. As\u00ed y nada m\u00e1s.<\/p>\n<\/blockquote>\n<p class=\"font-claude-response-body break-words whitespace-normal leading-[1.7]\"><strong>2000 \u2014 Presencia digital y publicidad a\u00e9rea<\/strong><\/p>\n<blockquote class=\"ml-2 border-l-4 border-border-300\/10 pl-4 text-text-300\">\n<p class=\"font-claude-response-body break-words whitespace-normal leading-[1.7]\">En 2000 adquirimos nuestro primer dominio en internet (mercadeoypublicidad.com) con la intenci\u00f3n de aprender y gestar una presencia en l\u00ednea. En resumen, el sitio se convirti\u00f3 en un portal especializado referente en aquellos tiempos. Hoy a\u00fan discutimos qu\u00e9 hacer con \u00e9l.<\/p>\n<p class=\"font-claude-response-body break-words whitespace-normal leading-[1.7]\">Ese mismo a\u00f1o innovamos nuestro portafolio con publicidad a\u00e9rea \u2014 unos de los primeros dirigibles y zepelines radiocontrolados para promocionar reconocidas marcas en almacenes de cadena, ferias y eventos. Naci\u00f3 as\u00ed <strong>The ZEP Company<\/strong> (hasta 2025) y se conform\u00f3 la empresa como un grupo de marcas bajo un mismo paraguas: <strong>Grupo SRM<\/strong> o <strong>SRM Group<\/strong>.<\/p>\n<\/blockquote>\n<p class=\"font-claude-response-body break-words whitespace-normal leading-[1.7]\"><strong>2002 \u2014 Dise\u00f1o web<\/strong><\/p>\n<blockquote class=\"ml-2 border-l-4 border-border-300\/10 pl-4 text-text-300\">\n<p class=\"font-claude-response-body break-words whitespace-normal leading-[1.7]\">Incursionamos en el mundo del dise\u00f1o web con <strong>DDoble Click<\/strong> y adquirimos nuestro dominio institucional: <strong>GrupoSRM.com<\/strong>.<\/p>\n<\/blockquote>\n<p class=\"font-claude-response-body break-words whitespace-normal leading-[1.7]\"><strong>2006 \u2014 Stands y mobiliario para exhibici\u00f3n<\/strong><\/p>\n<blockquote class=\"ml-2 border-l-4 border-border-300\/10 pl-4 text-text-300\">\n<p class=\"font-claude-response-body break-words whitespace-normal leading-[1.7]\">Desde 2006 incursionamos en el dise\u00f1o, adecuaci\u00f3n y fabricaci\u00f3n de mobiliario y displays para stands, puntos de venta y eventos. En 2008 creamos <strong>Movi Stands<\/strong>, nuestra primera marca de sistemas 100% port\u00e1tiles para stands publicitarios, hoy en renovaci\u00f3n.<br \/>Le sigui\u00f3 <strong>Expo Stands<\/strong> (2012) \u2014 hoy nuestra l\u00ednea m\u00e1s vendida \u2014 y <strong>Eco Stands<\/strong> (2017), especializada en displays ecol\u00f3gicos y en vertiginoso crecimiento.<\/p>\n<\/blockquote>\n<p class=\"font-claude-response-body break-words whitespace-normal leading-[1.7]\"><strong>2008 \u2014 Arquitectura en contenedores<\/strong><\/p>\n<blockquote class=\"ml-2 border-l-4 border-border-300\/10 pl-4 text-text-300\">\n<p class=\"font-claude-response-body break-words whitespace-normal leading-[1.7]\">En 2008 creamos <strong>Container Arquitectura<\/strong> \u2014 la idea de arquitectura sostenible basada en contenedores mar\u00edtimos, llevada a otro nivel.<\/p>\n<\/blockquote>\n<p class=\"font-claude-response-body break-words whitespace-normal leading-[1.7]\"><strong>2010 \u2014 Tienda en l\u00ednea<\/strong><\/p>\n<blockquote class=\"ml-2 border-l-4 border-border-300\/10 pl-4 text-text-300\">\n<p class=\"font-claude-response-body break-words whitespace-normal leading-[1.7]\">Creamos <strong>TiendaSRM.com<\/strong>, donde comercializamos nuestros propios productos y servicios en una plataforma B2B y B2C muy completa. Tambi\u00e9n encontrar\u00e1s productos de terceros cuidadosamente seleccionados para nuestro portafolio.<\/p>\n<\/blockquote>\n<p class=\"font-claude-response-body break-words whitespace-normal leading-[1.7]\"><strong>2011 \u2014 Nueva sede en Cota y tecnificaci\u00f3n<\/strong><\/p>\n<blockquote class=\"ml-2 border-l-4 border-border-300\/10 pl-4 text-text-300\">\n<p class=\"font-claude-response-body break-words whitespace-normal leading-[1.7]\">Hasta este a\u00f1o varios proceso del fabricaci\u00f3n de nuestros stands eran subcontratados a terceras empresas. A partir de este a\u00f1o construimos la primera etapa de nuestra actual bodega y f\u00e1brica en Cota, Cundinamarca e implementamos herramientas y tecnolog\u00eda CNC de vanguardia l<span style=\"font-size: 15px;\">ogrando as\u00ed centralizar el control total de nuestra operaci\u00f3n y manofactura.<\/span><\/p>\n<\/blockquote>\n<p class=\"font-claude-response-body break-words whitespace-normal leading-[1.7]\"><strong>2014 \u2014 Venta de sistemas de seguridad para puntos de venta y dse\u00f1o e intercambio de conocimiento<\/strong><\/p>\n<blockquote class=\"ml-2 border-l-4 border-border-300\/10 pl-4 text-text-300\">\n<p class=\"font-claude-response-body break-words whitespace-normal leading-[1.7]\">Empezamos a comercializar productos de seguridad para puntos de venta representando algunos productores Estadounidenses y Chinos.<br \/>Creamos <strong>Espuf<\/strong>, con la finalidad de promover la interacci\u00f3n e intercambio de conocimientos y prestar servicios de dise\u00f1o industrial. Personas y equipos que convergemos para co-crear productos funcionales.<\/p>\n<\/blockquote>\n<p class=\"font-claude-response-body break-words whitespace-normal leading-[1.7]\"><strong>2021 \u2014 Impresi\u00f3n ecol\u00f3gica en gran formato<\/strong><\/p>\n<blockquote class=\"ml-2 border-l-4 border-border-300\/10 pl-4 text-text-300\">\n<p class=\"font-claude-response-body break-words whitespace-normal leading-[1.7]\">En 2021 incorporamos <strong>Impresi\u00f3n-Arte<\/strong>, ofreciendo productos impresos y servicio de <strong>impresi\u00f3n digital ecol\u00f3gica en gran formato<\/strong>, con los altos est\u00e1ndares de calidad y el cumplimiento que nos caracterizan.<\/p>\n<\/blockquote>\n<p class=\"font-claude-response-body break-words whitespace-normal leading-[1.7]\"><strong>2023 \u2014 Seguridad para puntos de venta, innovaci\u00f3n 3d y actualizaci\u00f3n de nuestra raz\u00f3n social<\/strong><\/p>\n<blockquote class=\"ml-2 border-l-4 border-border-300\/10 pl-4 text-text-300\">\n<p class=\"font-claude-response-body break-words whitespace-normal leading-[1.7]\">Desde el 2014 fabricamos y comercializ\u00e1bamos sistemas de seguridad y exhibici\u00f3n para puntos de venta, Hasta el 2023 formalizamos nuestra marca <strong>e-Guard Alarms<\/strong>.<br \/>Introducimos en <strong>impresi\u00f3n-arte<\/strong> una nueva secci\u00f3n: Impresi\u00f3n 3D. Ahora m\u00e1s ideas se hacen realidad.<\/p>\n<p class=\"font-claude-response-body break-words whitespace-normal leading-[1.7]\">Gracias a la trayectoria, estabilidad y crecimiento del grupo, en septiembre de 2023 nuestra raz\u00f3n social se convirti\u00f3 en <strong>SRM Group S.A.S.<\/strong> \u2014 Sociedad por Acciones Simplificadas.<\/p>\n<p class=\"font-claude-response-body break-words whitespace-normal leading-[1.7]\">\n<p class=\"font-claude-response-body break-words whitespace-normal leading-[1.7]\">\n<p class=\"font-claude-response-body break-words whitespace-normal leading-[1.7]\">\n<p class=\"font-claude-response-body break-words whitespace-normal leading-[1.7]\">\n<p class=\"font-claude-response-body break-words whitespace-normal leading-[1.7]\">\n<\/blockquote>\n<p align=\"justify\">\n<h3 align=\"justify\"><strong>ESTAS SON NUESTRAS MARCAS Y EMPRESAS:<\/strong><\/h3>\n<p align=\"justify\">\n<p>[\/et_pb_text][\/et_pb_column][\/et_pb_row][et_pb_row column_structure=\u00bb1_3,1_3,1_3&#8243; _builder_version=\u00bb4.16&#8243; _module_preset=\u00bbdefault\u00bb custom_padding=\u00bb15px||4px|||\u00bb global_colors_info=\u00bb{}\u00bb][et_pb_column type=\u00bb1_3&#8243; _builder_version=\u00bb4.16&#8243; _module_preset=\u00bbdefault\u00bb global_colors_info=\u00bb{}\u00bb][et_pb_image src=\u00bbhttps:\/\/gruposrm.com\/web\/wp-content\/uploads\/Logo-Grupo-SRM-2025.jpg\u00bb alt=\u00bbLogo s\u00edmbolo &#8211; Grupo SRM o SRM Group\u00bb title_text=\u00bbLogo-Grupo-SRM-2025&#8243; admin_label=\u00bbLogo Grupo SRM o SRM Group S.A.S.\u00bb _builder_version=\u00bb4.27.4&#8243; _module_preset=\u00bbdefault\u00bb global_colors_info=\u00bb{}\u00bb][\/et_pb_image][\/et_pb_column][et_pb_column type=\u00bb1_3&#8243; _builder_version=\u00bb4.16&#8243; _module_preset=\u00bbdefault\u00bb global_colors_info=\u00bb{}\u00bb][et_pb_text _builder_version=\u00bb4.21.0&#8243; _module_preset=\u00bbdefault\u00bb global_colors_info=\u00bb{}\u00bb]<\/p>\n<p><strong>&#8211; Expo Stands<\/strong> \/ <a href=\"http:\/\/www.expostands.co\" target=\"_blank\" rel=\"noopener noreferrer\">expostands.co<\/a><\/p>\n<p><strong>&#8211; Eco Stands<\/strong> \/ <a href=\"http:\/\/ecostands.com.co\" target=\"_blank\" rel=\"noopener noreferrer\">ecostands.com.co<\/a><\/p>\n<p><strong>&#8211; Movi Stand<\/strong> \/ <a href=\"http:\/\/www.movistands.com\/\" target=\"_blank\" rel=\"noopener noreferrer\">movistands.com<\/a><\/p>\n<p>&#8211;<a href=\"https:\/\/gruposrm.com\/web\/inicio\/marketing-y-publicidad\/\"><strong> Lagencia Publicidad<\/strong> \/ SRM<\/a><\/p>\n<p><a href=\"https:\/\/gruposrm.com\/web\/inicio\/soluciones-para-internet\/\"><strong>&#8211; Doble Click<\/strong> \/ SRM<\/a><\/p>\n<p>&#8211; <strong>e-guard Alarms <\/strong>\/ <a href=\"http:\/\/www.eguardalarms.com\" target=\"_blank\" rel=\"noopener\">eguardalarms.com<\/a><\/p>\n<p>&nbsp;<\/p>\n<p>[\/et_pb_text][\/et_pb_column][et_pb_column type=\u00bb1_3&#8243; _builder_version=\u00bb4.16&#8243; _module_preset=\u00bbdefault\u00bb global_colors_info=\u00bb{}\u00bb][et_pb_text _builder_version=\u00bb4.16&#8243; _module_preset=\u00bbdefault\u00bb global_colors_info=\u00bb{}\u00bb]<\/p>\n<p><strong>&#8211; Espuf <\/strong>\/ <a href=\"http:\/\/www.Espuf.com\" target=\"_blank\" rel=\"noopener noreferrer\">Espuf.com<\/a><\/p>\n<p><strong>&#8211; <a href=\"https:\/\/gruposrm.com\/web\/inicio\/servicio-de-impresion-digital-gran-formato-colombia\/\">Impresi\u00f3n-Arte<\/a><\/strong><\/p>\n<p><strong>&#8211; Container Arquitectura<\/strong> \/ <a href=\"http:\/\/www.containerarquitectura.com\" target=\"_blank\" rel=\"noopener noreferrer\">containerarquitectura.com<\/a><\/p>\n<p><strong>&#8211; Tienda SRM<\/strong> \/ <a href=\"http:\/\/www.TiendaSRM.com\" target=\"_blank\" rel=\"noopener noreferrer\"><strong>TiendaSRM.com<\/strong><\/a><br \/>(En donde encontrar\u00e1s los productos y servicios de nuestras marcas).<strong><\/strong><strong><\/strong><\/p>\n<p><strong><\/strong><strong><\/strong><\/p>\n<p>[\/et_pb_text][\/et_pb_column][\/et_pb_row][et_pb_row _builder_version=\u00bb4.17.6&#8243; _module_preset=\u00bbdefault\u00bb custom_padding=\u00bb5px||19px|||\u00bb animation_style=\u00bbbounce\u00bb global_colors_info=\u00bb{}\u00bb][et_pb_column type=\u00bb4_4&#8243; _builder_version=\u00bb4.16&#8243; _module_preset=\u00bbdefault\u00bb global_colors_info=\u00bb{}\u00bb][et_pb_image src=\u00bbhttps:\/\/gruposrm.com\/web\/wp-content\/uploads\/GrupoSRM-Logos-Empresas.jpg\u00bb alt=\u00bbTienda SRM y Marcas Grupo SRM o SRM Group\u00bb title_text=\u00bbGrupoSRM-Logos-Empresas\u00bb admin_label=\u00bbLogos Empresas de Grupo SRM\u00bb _builder_version=\u00bb4.27.5&#8243; _module_preset=\u00bbdefault\u00bb global_colors_info=\u00bb{}\u00bb][\/et_pb_image][\/et_pb_column][\/et_pb_row][et_pb_row _builder_version=\u00bb4.16&#8243; _module_preset=\u00bbdefault\u00bb custom_padding=\u00bb11px||8px|||\u00bb global_colors_info=\u00bb{}\u00bb][et_pb_column type=\u00bb4_4&#8243; _builder_version=\u00bb4.16&#8243; _module_preset=\u00bbdefault\u00bb global_colors_info=\u00bb{}\u00bb][et_pb_text _builder_version=\u00bb4.16&#8243; _module_preset=\u00bbdefault\u00bb global_colors_info=\u00bb{}\u00bb]<\/p>\n<p class=\"font-claude-response-body break-words whitespace-normal leading-[1.7]\">Obviamente nada de esto ser\u00eda posible sin la gran ayuda, compromiso y dedicaci\u00f3n de nuestros equipos. Los que fueron, los que han sido, los que son, los que seguimos siendo y los que vendr\u00e1n.<\/p>\n<p class=\"font-claude-response-body break-words whitespace-normal leading-[1.7]\">Un equipo interdisciplinario que en el tiempo ha logrado empat\u00eda, engranaje y sincron\u00eda. <br \/>Un espacio de evoluci\u00f3n en donde todos somos profesores y estudiantes. Compartir, disfrutar, re\u00edr y llorar, convertirnos algunos en esa familia que acogimos por opci\u00f3n.<\/p>\n<p class=\"font-claude-response-body break-words whitespace-normal leading-[1.7]\">Somos varias cosas, pero una a la vez.<br \/>Hacer parte de la vida de las personas y de aquello que mejora su entorno, capitalizando esfuerzos por ello, es nuestra mejor motivaci\u00f3n.<\/p>\n<p class=\"font-claude-response-body break-words whitespace-normal leading-[1.7]\"><strong>Bienvenido&#8230; si deseas hacer parte de nuestra historia.<\/strong><br \/><strong>Estaremos muy felices de que nos permitas hacer parte de la tuya tambi\u00e9n.<\/strong><\/p>\n<p class=\"font-claude-response-body break-words whitespace-normal leading-[1.7]\"><em>El equipo de Grupo SRM<\/em><\/p>\n<p>[\/et_pb_text][\/et_pb_column][\/et_pb_row][\/et_pb_section][et_pb_section fb_built=\u00bb1&#8243; _builder_version=\u00bb4.16&#8243; _module_preset=\u00bbdefault\u00bb custom_padding=\u00bb||14px|||\u00bb global_colors_info=\u00bb{}\u00bb][et_pb_row _builder_version=\u00bb4.17.6&#8243; _module_preset=\u00bbdefault\u00bb background_image=\u00bbhttps:\/\/gruposrm.com\/web\/wp-content\/uploads\/Titulo_Clientes.jpg\u00bb min_height=\u00bb328.5px\u00bb custom_padding=\u00bb58px||142px|||\u00bb animation_style=\u00bbflip\u00bb global_colors_info=\u00bb{}\u00bb][et_pb_column type=\u00bb4_4&#8243; _builder_version=\u00bb4.16&#8243; _module_preset=\u00bbdefault\u00bb global_colors_info=\u00bb{}\u00bb][et_pb_text _builder_version=\u00bb4.16&#8243; _module_preset=\u00bbdefault\u00bb min_height=\u00bb139px\u00bb custom_padding=\u00bb93px||12px|||\u00bb animation_style=\u00bbslide\u00bb inline_fonts=\u00bbActor\u00bb global_colors_info=\u00bb{}\u00bb]<\/p>\n<h2 style=\"text-align: center;\"><strong><span style=\"color: #262626; font-family: Actor;\">NUESTROS CLIENTES<\/span><\/strong><\/h2>\n<p>[\/et_pb_text][\/et_pb_column][\/et_pb_row][et_pb_row column_structure=\u00bb1_2,1_2&#8243; _builder_version=\u00bb4.16&#8243; _module_preset=\u00bbdefault\u00bb custom_padding=\u00bb18px||19px|||\u00bb global_colors_info=\u00bb{}\u00bb][et_pb_column type=\u00bb1_2&#8243; _builder_version=\u00bb4.16&#8243; _module_preset=\u00bbdefault\u00bb global_colors_info=\u00bb{}\u00bb][et_pb_text _builder_version=\u00bb4.16&#8243; _module_preset=\u00bbdefault\u00bb custom_padding=\u00bb||0px|||\u00bb global_colors_info=\u00bb{}\u00bb]<\/p>\n<p align=\"justify\">Aqu\u00ed encontrar\u00e1s algunos clientes y empresas de diversos sectores, quienes han confiado en nosotros. Personas, empresas peque\u00f1as, medianas y grandes. Nacionales, internacionales y multinacionales.<\/p>\n<p align=\"justify\">Un arco iris que conforma nuestro portafolio de Clientes y amigos.<\/p>\n<p>[\/et_pb_text][et_pb_text _builder_version=\u00bb4.16&#8243; _module_preset=\u00bbdefault\u00bb global_colors_info=\u00bb{}\u00bb]<\/p>\n<p>2M VENTAS Y MERCADEO<br \/>360 MEDIA \u2013 EXPOMARKETING<br \/>ACRIYA S.A.S.<br \/>ACIERTO PUBLICIDAD Y MERCADEO E.U.<br \/>AGENCIA GRUPO N\u00c1MATRA S.A.S.<br \/>AGROSOLIDARIA FLORENCIA<br \/>ALMA FINANCIERA S.A.S.<br \/>ALAMANAQUE VERDE<br \/>ALCA Ltda.<br \/>ALCALDIA MAYOR DE SANTAFE DE BOGOTA.<br \/>ALFAGRES S.A.<br \/>ALIANZA FRANCESA \u2013 EDUFRANCE<br \/>ANALIZAR Laboratorio Cl\u00ednico<br \/>ANDES MOTORS BOGOT\u00c1 S.A.S.<br \/>APLITECNIA<br \/>AQUAMAQ<br \/>AR CONSTRUCCIONES<br \/>ASOCIACI\u00d3N DE PRODUCTORES DE CAF\u00c9 MANANTIAL<br \/><span style=\"font-size: 15px;\">ATLAS COPCO COLOMBIA LTDA<br \/><\/span>ATMOS DESIGN<br \/>DOSQUEBRADAS<br \/>AT&amp;T.<br \/>AUTO BOOST S.A.S.<br \/>AVANTEL<br \/>AVANZA COLOMBIA LTDA<br \/>AVE COLOMBIANA S.A.S.<br \/>BIOQUIFAR PHARMACEUTICA S.A.<br \/>BLUE Skate Shop<br \/>BM CARGO<br \/>BOLT &amp; GRIT LLC\u00a0(USA)<br \/>CABIFY (MAXIMOBILITY S.A.S.)<br \/>C.I. AYUR\u00c1 S.A.S.<br \/>C&amp;M INGENIER\u00cdA Y SUMINISTROS S.A.S.<br \/>CAIMSA<br \/>CALIFORNIA Outlet<br \/>CALYPSO<br \/>CANALES ELECTR\u00d3NICOS DE VENTAS S.A.S.<br \/>CARIBEAN PAINT FACTORY ARUBA Inc. (Aruba)<br \/>CARICARGA<br \/>CENTRITO S.A.S.<br \/>CHICAGO DEPORTES<br \/>CIUDAD LIMPIA NEIVA S.A. E.S.P.<br \/>COLINAGRO<br \/>COLOMBIA TRI EVENTS S.A.S.<br \/>COMMERCE TEAM S.A.S.<br \/>COMERCIALIZADORA SOUL S.A.S.<br \/>COMERCIALIZADORA ROMO S.A.S.<br \/>COMPA\u00d1\u00cdA EL\u00c9CTRICA DE SOCHAGOTA S.A. E.S.P.<br \/>COMPA\u00d1\u00cdA SERVIC INTEGRAL S.A.S.<br \/>COMUNICACDORES ASOCIADOS (ALCALD\u00cdA DEL MAGDALENA) \u2013<br \/>CONCRETE ASAP (USA)<br \/>CONCONTEC LTDA<br \/>CONECTICS S.A.<br \/>CONINGL\u00c9S<br \/>CONSEJO PROFESIONAL DE ARQUITECTURA<br \/>CONSTRUCCIONES Y URBANIZACIONES S.A.S.<br \/>CONSTRUCTORA KARON REAL.<br \/>CONSTRUCTORA LAS GALIAS S.A.S.<br \/>CONTACTAR<br \/>COOL FISH S.A.S<br \/>COOMEVA MEDICINA PREPAGADA Y E.P.S.<br \/>COOPERATIVA COONFIE<br \/>CORAMBIENTAL<br \/>CORPORACION AUTONOMA REGIONAL DEL MAGDALENA \u2013 (CORPAMAG).<br \/>CORPORACI\u00d3N CARTAGENA DE INDIAS PUERTA DE LAS AMERICAS.<br \/>CORPORACI\u00d3N FASOL<br \/>CORPORACI\u00d3N PI\u00d1\u00d3N DE OREJA<br \/>CORPORACI\u00d3N UN SER FEL\u00cdZ<br \/>CORPORACI\u00d3N TERAVISI\u00d3N COLOMBIA S.A.S.<br \/>CPC AGENCIA S.A.S.<br \/>CRC CERTICON S.A.S.<br \/>CREAINNOVA PUBLICIDAD S.A.S.<br \/>CURADUR\u00cdA 3 \u2013 Curadora Ana Mar\u00eda Cadena Tob\u00f3n<br \/>DeWALT<br \/>DIAGNOSTICENTROS DE COLOMBIA S.A.S.<br \/>DISLUMBRA S.A.S.<br \/>DISORTHO S.A.<br \/>DOCRED S.A.S.<br \/>DON POLLO S.A.S.<br \/>EFE CONCEPTO COMUNICACIONES S.A.S.<br \/>EME EXPRESS \u2013 Estaciones M\u00e9dicas Express \u2013<br \/>ESCOBAR Y MART\u00cdNEZ (Pegantes Boxer).<br \/>ETERNA S.A.<br \/>EUROCo.<br \/>EVO FORMA IMAGEN CORPORATIVA S.A.S.<br \/>EXIPLAST S.A.S.<br \/>F\u00c1BRICA DE CALZADO R\u00d3MULO<br \/>FAMISANAR E.P.S.<br \/>FAMOC DEPANEL S.A.<br \/>FERNELL IMPRESORES S.A.S.<br \/>FINSOCIAL S.A.S.<br \/>FUERZA A\u00c9REA COLOMBIANA \u2013 FAC \u2013<br \/>FUNDACI\u00d3N CARDIO INFANTIL.<br \/>FUNDACI\u00d3N HUMEDALES<br \/>FUNDACION UNIVERSITARIA DEL AREA ANDINA<br \/>FUNDACI\u00d3N UNIVERSITARIA JORGE TADEO LOZANO<br \/>GAS NATURAL ESP S.A.<br \/>GENTE MAYORISTA DE TURISMO<br \/>GEOMETRY GLOBAL COLOMBIA<br \/>GERONTO SALUD S.A.S.<br \/>GR\u00c1FICAS DEL CARIBE S.A.S.<br \/>GRANADOS Y CONDECORACIONES S.A.S.<br \/>GRUPO INFESA S.A.S.<br \/>GRUPO INNVENTA S.A.S.<br \/>GRUPO NORMAND\u00cdA S.A. \u2013 Constructora Normand\u00eda<br \/>GU\u00cdA ILIMITADA S.A.S.<br \/>HOTEL MAYALES PLAZA<\/p>\n<p>[\/et_pb_text][\/et_pb_column][et_pb_column type=\u00bb1_2&#8243; _builder_version=\u00bb4.16&#8243; _module_preset=\u00bbdefault\u00bb global_colors_info=\u00bb{}\u00bb][et_pb_text _builder_version=\u00bb4.16&#8243; _module_preset=\u00bbdefault\u00bb global_colors_info=\u00bb{}\u00bb]<\/p>\n<p>INCAR Eco \u2013 PORTAL ARQUITECT\u00d3NICO S.A.<br \/>INDUSTRIAS SAGA DE COLOMBIA S.A.S<br \/>INGRAM MICRO S.A.S.<br \/>INKANTA (RETRUC S.A.S.)<br \/>INSERCOR<br \/>INSTITUTO TR\u00cdNGULO S.A.<br \/>INTCOMEX EL SALVADOR (El Salvador)<br \/>INTEGRA DISE\u00d1O S.A.S.<br \/>INTEGRATOOLS S.A.S.<br \/>INVITA MEDICAL S.A.S.<br \/>INVENTIO<br \/>INVERSORA FURATENA S.A.S.<br \/>IVDIS COLOMBIA S.A.S.<br \/>IZANA Electronics SLU (Espa\u00f1a)<br \/>JUMP DESIGN S.A.S.<br \/>KREO SOLUCIONES S.A.S.<br \/>LA HAUS S.A.S.<br \/>LABORATORIOS SFC LTDA<br \/>LABORATORIOS RECAMIER<br \/>L\u00c1CTEOS LA FONTANA<br \/>LAMOSAN COLOMBIA S.A.S.<br \/>LE\u00d3N GR\u00c1FICAS S.A.S.<br \/>LEXCO S.A.<br \/>LOGUS PROPMOTORA DE PROYECTOS S.A.S.<br \/>LOSANIKA S.A.S.<br \/>LOTENGO Eventos y producciones<br \/>MACROMET S.A.S<br \/>MAKITA<br \/>MALDITA VANIDAD TEATRO<br \/>MAERSK CENTRAL AMERICA S.A (Panam\u00e1)<br \/>MAKROPRINT DIGITAL S.A.S.<br \/>MARCAS VITALES BMV S.A.S.<br \/>MARKALL S.A.S.<br \/>MARKETING SERVICES DE COLOMBIA S.A.S.<br \/>MAS &#8211; DISE\u00d1O Y MARKETING<br \/>MAZIO COLOMBIA S.A.S.<br \/>MEALS DE COLOMBIA (YOPLAIT).<br \/>M\u00c9DICOS SIN FRONTERAS<br \/>MEDINUCLEAR S.A.S.<br \/>MERCADEOYPUBLICIDAD.COM<br \/>MEREC\u00daRE PARQUE AGROECOLOGICO E.A.T.<br \/>MESAS Y SILLAS S.A.S.<br \/>MH PRODUCTIONS S.A.S.<br \/>MICROFERTISA S.A.S.<br \/>MOYA PRODUCCIONES S.A.S.<br \/>MULTIPARQUE CREATIVO S.A.<br \/>MUNDO YAMAHA S.A.S.<br \/>NIKAS PUBLICIDAD S.A.S.<br \/>NOVARTIS DE COLOMBIA<br \/>NOVASOFT<br \/>ODINSA S.A.<br \/>OIT (Organizaci\u00f3n Internacional de Turismo).<br \/>OM PRODUCCIONES S.A.S.<br \/>ORANGE COLOMBIA S.A.S.<br \/>ORGANIZACI\u00d3N LA PAZ<br \/>PACIFIC CELL<br \/>PALAC\u00c9 (TAJAP\u00c1N)<br \/>PASTAIO<br \/>PICTOGRAMA CREATIVOS S.A.S.<br \/>PM SOLUTIOS S.A.S.<br \/>POLIDEG LTDA.<br \/>PON 3 S.A.S.<br \/>PONTIFICIA UNIVERSIDAD JAVERIANA<br \/>PORTABLE COMUNICACIONES S.A.S.<br \/>PORVENIR Fondo de pensiones y cesant\u00edas<br \/>PRANA PUBLICIST S.A.S.<br \/>PRODUCTOS ALIMENTICIOS BELLINI S.A.<br \/>PRODUCTOS DEL RIO<br \/>PROSELEC LTDA<br \/>PROYECTOS ESCALA S.A.S.<br \/>PUNTO DE PRODUCCI\u00d3N S.A.S.<br \/>PURIFICACI\u00d3N Y AN\u00c1LISIS DE FLUIDOS<br \/>QUICK DEIVERY Inc (Puerto Rico)<br \/>REGROUP (USA)<br \/>RCN Televisi\u00f3n S.A.<br \/>RIEGO Y CLIMA<br \/>RITCHI<br \/>ROSMI S.A.S.<br \/>RZ MEDICAL<br \/>SALUD COLMENA E.P.S.<br \/>SALUD COOP E.P.S<br \/>SAN ANDRES ROYAL HOTEL<br \/>SANAUTOS S.A.<br \/>SECSA S.A.<br \/>SHOP NEXT S.A.S.<br \/>SISTECARGA LTDA<br \/>SMART WORLD TELECOM SL (Espa\u00f1a)<br \/>SOLUCIONES READY S.A.S.<br \/>SONY<br \/>SOSTENIBLES A&amp;A S.A.S.<br \/>SPACIA GRUPO CREATIVO S.A.S.<br \/>SPLENDOR PUBLICIDAD S.A.<br \/>SQADRA TEAM S.A.S.<br \/>STARMEDIA PUBLICIDAD S.A.S.<br \/>SUIMAGEN CREATIVA S.A.S.<br \/>SUPERHABIT-AT S.A.<br \/>SYNERGY CONTACT<br \/>TALENTO Y EFECTIVIDAD S.A.S.<br \/>TEISA (Paraguay)<br \/>TIENDA AMIGA ER S.A. (Bolivia)<br \/>TOUR IDIOMAS SIGLO XXI S.A.S.<br \/>TRATTI FASHION<br \/>TECNOLOG\u00cdA EN ELECTR\u00d3NICA E INFORM\u00c1TICA SA &#8211; TEISA \u00a0(Paraguay)<br \/>UNIMED AMERICAS S.A.S.<br \/>UNIQUE ARQUITECTURA Y DISE\u00d1O S.A.S.<br \/>UNIVERSIDAD DE ANTIOQUIA<br \/>UNIVERSIDAD DE CALDAS \u2013 CORPORACION PARA EL DESARROLLO DE CALDAS.<br \/>UNIVERSIDAD JORGE TADEO LOZANO<br \/>VARTA Colombia S.A.<br \/>VERONA FLOWERS.<br \/>VISI\u00d3N MUNDIAL INTERNACIONAL \/ WORLD VISION INTERNATIONAL<br \/>VISUAL GROUP DESIGN S.A.S.<br \/>WM WIRLES AND MOBILE LTDA<br \/>WORLWIDE INITIATIVE DIABETES FOR EDUCATION (USA)<\/p>\n<p>Entre otros&#8230;<\/p>\n<p>[\/et_pb_text][\/et_pb_column][\/et_pb_row][et_pb_row _builder_version=\u00bb4.16&#8243; _module_preset=\u00bbdefault\u00bb background_color=\u00bbrgba(0,0,0,0)\u00bb min_height=\u00bb341px\u00bb custom_margin=\u00bb9px|auto|-1px|auto||\u00bb custom_padding=\u00bb0px||24px|||\u00bb locked=\u00bboff\u00bb global_colors_info=\u00bb{}\u00bb][et_pb_column type=\u00bb4_4&#8243; _builder_version=\u00bb4.16&#8243; _module_preset=\u00bbdefault\u00bb global_colors_info=\u00bb{}\u00bb][et_pb_slider _builder_version=\u00bb4.16&#8243; _module_preset=\u00bbdefault\u00bb background_image=\u00bbhttps:\/\/gruposrm.com\/web\/wp-content\/uploads\/2021\/01\/Banner-Sonrisa.jpg\u00bb min_height=\u00bb403.6px\u00bb custom_margin=\u00bb3px|||||\u00bb custom_padding=\u00bb0px||80px|||\u00bb animation_style=\u00bbslide\u00bb animation_direction=\u00bbleft\u00bb global_colors_info=\u00bb{}\u00bb][et_pb_slide heading=\u00bbEs nuestra labor&#8230;\u00bb _builder_version=\u00bb4.16&#8243; _module_preset=\u00bbdefault\u00bb background_image=\u00bbhttps:\/\/gruposrm.com\/web\/wp-content\/uploads\/2021\/01\/Banner-Solucion.jpg\u00bb background_enable_image=\u00bbon\u00bb global_colors_info=\u00bb{}\u00bb sticky_transition=\u00bbon\u00bb]<\/p>\n<p>&#8230;Ayudarte a mitigar tus problemas ofreciendo \u00a0soluciones creativas y realistas, acordes con los recursos disponibles.<\/p>\n<p>[\/et_pb_slide][et_pb_slide heading=\u00bbQue suceda&#8230;\u00bb _builder_version=\u00bb4.16&#8243; _module_preset=\u00bbdefault\u00bb global_colors_info=\u00bb{}\u00bb sticky_transition=\u00bbon\u00bb]<\/p>\n<p>\u00a0Sabemos que todo fluye y ocurre mejor con una sonrisa.<br \/>Es por eso que queremos hacer parte de la tuya y de tus clientes tambi\u00e9n.<\/p>\n<p>[\/et_pb_slide][\/et_pb_slider][\/et_pb_column][\/et_pb_row][\/et_pb_section]<\/p>\n","protected":false},"excerpt":{"rendered":"<p>GRUPO SRM \u00bfQUE MARCAS Y EMPRESAS LO CONFORMAN? Ahora que te interesas por conocer acerca de nosotros \u2014 Grupo SRM \u2014 te vamos a hacer una breve rese\u00f1a de nuestra historia. 1996 \u2014 El principio En 1996, nuestro actual CEO, Sergio Rodr\u00edguez Mej\u00eda (SRM), entonces estudiante de Administraci\u00f3n de Empresas y de Marketing y Publicidad, [&hellip;]<\/p>\n","protected":false},"author":2,"featured_media":0,"parent":0,"menu_order":0,"comment_status":"closed","ping_status":"closed","template":"","meta":{"_et_pb_use_builder":"on","_et_pb_old_content":"","_et_gb_content_width":"","footnotes":""},"difl_page_category":[162,163,164,165,161],"class_list":["post-76","page","type-page","status-publish","hentry","difl_page_category-histioria-de-grupo-srm","difl_page_category-historia-de-srm-group","difl_page_category-que-es-grupo-srm","difl_page_category-que-es-srm-group","difl_page_category-que-es-y-a-que-se-dedica-grupo-srm-o-srm-group-sas"],"_links":{"self":[{"href":"https:\/\/gruposrm.com\/web\/inicio\/wp-json\/wp\/v2\/pages\/76","targetHints":{"allow":["GET"]}}],"collection":[{"href":"https:\/\/gruposrm.com\/web\/inicio\/wp-json\/wp\/v2\/pages"}],"about":[{"href":"https:\/\/gruposrm.com\/web\/inicio\/wp-json\/wp\/v2\/types\/page"}],"author":[{"embeddable":true,"href":"https:\/\/gruposrm.com\/web\/inicio\/wp-json\/wp\/v2\/users\/2"}],"replies":[{"embeddable":true,"href":"https:\/\/gruposrm.com\/web\/inicio\/wp-json\/wp\/v2\/comments?post=76"}],"version-history":[{"count":136,"href":"https:\/\/gruposrm.com\/web\/inicio\/wp-json\/wp\/v2\/pages\/76\/revisions"}],"predecessor-version":[{"id":5615,"href":"https:\/\/gruposrm.com\/web\/inicio\/wp-json\/wp\/v2\/pages\/76\/revisions\/5615"}],"wp:attachment":[{"href":"https:\/\/gruposrm.com\/web\/inicio\/wp-json\/wp\/v2\/media?parent=76"}],"wp:term":[{"taxonomy":"difl_page_category","embeddable":true,"href":"https:\/\/gruposrm.com\/web\/inicio\/wp-json\/wp\/v2\/difl_page_category?post=76"}],"curies":[{"name":"wp","href":"https:\/\/api.w.org\/{rel}","templated":true}]}}